{"id":12029,"date":"2023-08-30T14:51:12","date_gmt":"2023-08-30T14:51:12","guid":{"rendered":"https:\/\/bodegaloscerrosdesanjuan.com\/?page_id=12029"},"modified":"2023-09-06T19:13:14","modified_gmt":"2023-09-06T19:13:14","slug":"vinos","status":"publish","type":"page","link":"https:\/\/bodegaloscerrosdesanjuan.com\/pt\/vinos\/","title":{"rendered":"Vinos"},"content":{"rendered":"\t\t<div data-elementor-type=\"wp-page\" data-elementor-id=\"12029\" class=\"elementor elementor-12029\">\n\t\t\t\t<div class=\"wd-negative-gap elementor-element elementor-element-96d66bb e-flex e-con-boxed e-con e-parent\" data-id=\"96d66bb\" data-element_type=\"container\" data-e-type=\"container\">\n\t\t\t\t\t<div class=\"e-con-inner\">\n\t\t\t\t<div class=\"elementor-element elementor-element-778a2c0 wd-width-100 elementor-widget elementor-widget-wd_products\" data-id=\"778a2c0\" data-element_type=\"widget\" data-e-type=\"widget\" data-widget_type=\"wd_products.default\">\n\t\t\t\t<div class=\"elementor-widget-container\">\n\t\t\t\t\t\t\t\t\t\t<div class=\"wd-products-element\">\n\n\t\t\t\n\t\t\t\n\t\t\t\n\t\t\t\n\t\t\t<div class=\"products wd-products grid-columns-4 elements-grid wd-grid-g\" data-paged=\"1\" data-atts=\"{&quot;speed&quot;:null,&quot;slides_per_view&quot;:null,&quot;wrap&quot;:null,&quot;autoplay&quot;:null,&quot;autoheight&quot;:null,&quot;hide_pagination_control&quot;:null,&quot;dynamic_pagination_control&quot;:null,&quot;hide_prev_next_buttons&quot;:null,&quot;carousel_arrows_position&quot;:null,&quot;hide_scrollbar&quot;:null,&quot;scroll_per_page&quot;:null,&quot;center_mode&quot;:null,&quot;spacing&quot;:&quot;&quot;,&quot;carousel_sync&quot;:null,&quot;sync_parent_id&quot;:null,&quot;sync_child_id&quot;:null,&quot;scroll_carousel_init&quot;:null,&quot;disable_overflow_carousel&quot;:null,&quot;include&quot;:null,&quot;meta_key&quot;:null,&quot;exclude&quot;:[&quot;10933&quot;,&quot;10934&quot;,&quot;10932&quot;],&quot;shop_tools&quot;:null,&quot;ajax_recently_viewed&quot;:null,&quot;pagination_arrows_position&quot;:null,&quot;columns&quot;:{&quot;unit&quot;:&quot;px&quot;,&quot;size&quot;:4,&quot;sizes&quot;:[]},&quot;products_masonry&quot;:&quot;&quot;,&quot;products_different_sizes&quot;:&quot;&quot;,&quot;product_quantity&quot;:&quot;&quot;,&quot;sale_countdown&quot;:&quot;0&quot;,&quot;stretch_product&quot;:null,&quot;stock_progress_bar&quot;:&quot;0&quot;,&quot;highlighted_products&quot;:&quot;0&quot;,&quot;products_divider&quot;:null,&quot;products_bordered_grid&quot;:&quot;0&quot;,&quot;products_bordered_grid_style&quot;:null,&quot;products_with_background&quot;:&quot;0&quot;,&quot;products_shadow&quot;:&quot;0&quot;,&quot;img_size&quot;:&quot;large&quot;,&quot;img_size_custom&quot;:null,&quot;grid_gallery_control&quot;:null,&quot;grid_gallery_enable_arrows&quot;:null,&quot;elementor&quot;:true,&quot;force_not_ajax&quot;:&quot;no&quot;}\" data-source=\"shortcode\" data-columns=\"4\" data-grid-gallery=\"\" style=\"--wd-col-lg:4;--wd-col-md:4;--wd-col-sm:2;--wd-gap-lg:20px;--wd-gap-sm:10px;\">\n\t\t\n\t\t\t\t\t\t\t\t<div class=\"wd-product wd-hover-quick wd-col product-grid-item product type-product post-11720 status-publish instock product_cat-tintos has-post-thumbnail shipping-taxable product-type-simple\" data-loop=\"1\" data-id=\"11720\">\n\t\n\t\n<div class=\"product-wrapper\">\n\t<div class=\"product-element-top wd-quick-shop\">\n\t\t<a href=\"https:\/\/bodegaloscerrosdesanjuan.com\/pt\/produto\/cuna-de-piedra-estate-marselan\/\" class=\"product-image-link\" tabindex=\"-1\" aria-label=\"Cuna de Piedra Estate Marselan\">\n\t\t\t<div class=\"wine-badges\"><div class=\"wine-badges-stack\"><img class=\"wine-badge\" src=\"https:\/\/bodegaloscerrosdesanjuan.com\/wp-content\/uploads\/2023\/11\/90.png\" alt=\"\" loading=\"lazy\" decoding=\"async\" \/><img class=\"wine-badge\" src=\"https:\/\/bodegaloscerrosdesanjuan.com\/wp-content\/uploads\/2023\/11\/90-1.png\" alt=\"\" loading=\"lazy\" decoding=\"async\" \/><\/div><\/div><img loading=\"lazy\" decoding=\"async\" width=\"450\" height=\"800\" src=\"https:\/\/bodegaloscerrosdesanjuan.com\/wp-content\/uploads\/2023\/08\/Cuna-de-piedra-Estate-Marselan-1-450x800.jpg\" class=\"attachment-large size-large\" alt=\"\" srcset=\"https:\/\/bodegaloscerrosdesanjuan.com\/wp-content\/uploads\/2023\/08\/Cuna-de-piedra-Estate-Marselan-1-450x800.jpg 450w, https:\/\/bodegaloscerrosdesanjuan.com\/wp-content\/uploads\/2023\/08\/Cuna-de-piedra-Estate-Marselan-1-169x300.jpg 169w, https:\/\/bodegaloscerrosdesanjuan.com\/wp-content\/uploads\/2023\/08\/Cuna-de-piedra-Estate-Marselan-1-7x12.jpg 7w, https:\/\/bodegaloscerrosdesanjuan.com\/wp-content\/uploads\/2023\/08\/Cuna-de-piedra-Estate-Marselan-1-430x764.jpg 430w, https:\/\/bodegaloscerrosdesanjuan.com\/wp-content\/uploads\/2023\/08\/Cuna-de-piedra-Estate-Marselan-1-150x267.jpg 150w, https:\/\/bodegaloscerrosdesanjuan.com\/wp-content\/uploads\/2023\/08\/Cuna-de-piedra-Estate-Marselan-1.jpg 675w\" sizes=\"auto, (max-width: 450px) 100vw, 450px\" \/>\t\t<\/a>\n\n\t\t\t\t<div class=\"wd-buttons wd-pos-r-t\">\n\t\t\t\t\t\t\t\t\t\t\t<div class=\"quick-view wd-action-btn wd-style-icon wd-quick-view-icon\">\n\t\t\t<a\n\t\t\t\thref=\"https:\/\/bodegaloscerrosdesanjuan.com\/pt\/produto\/cuna-de-piedra-estate-marselan\/\"\n\t\t\t\tclass=\"open-quick-view quick-view-button\"\n\t\t\t\trel=\"nofollow\"\n\t\t\t\tdata-id=\"11720\"\n\t\t\t\t>Quick view<\/a>\n\t\t<\/div>\n\t\t\t\t\t\t\t<\/div>\n\n\t\t\t\t\t\t\t\t<\/div>\n\t\t\t<h3 class=\"wd-entities-title\"><a href=\"https:\/\/bodegaloscerrosdesanjuan.com\/pt\/produto\/cuna-de-piedra-estate-marselan\/\">Cuna de Piedra Estate Marselan<\/a><\/h3>\n\t\t\t<div class=\"wd-product-cats\">\n\t\t\t<a href=\"https:\/\/bodegaloscerrosdesanjuan.com\/pt\/categoria\/tintos\/\" rel=\"tag\">Tintos<\/a>\t\t<\/div>\n\t\t\t\t\n\n\t\n\t\n\t\t<\/div>\n<\/div>\n\t\t\t\t\t\t\t\t<div class=\"wd-product wd-hover-quick wd-col product-grid-item product type-product post-11669 status-publish instock product_cat-tintos has-post-thumbnail shipping-taxable product-type-simple\" data-loop=\"2\" data-id=\"11669\">\n\t\n\t\n<div class=\"product-wrapper\">\n\t<div class=\"product-element-top wd-quick-shop\">\n\t\t<a href=\"https:\/\/bodegaloscerrosdesanjuan.com\/pt\/produto\/cuna-de-piedra-estate-tannat\/\" class=\"product-image-link\" tabindex=\"-1\" aria-label=\"Cuna de Piedra Estate Tannat\">\n\t\t\t<div class=\"wine-badges\"><div class=\"wine-badges-stack\"><img class=\"wine-badge\" src=\"https:\/\/bodegaloscerrosdesanjuan.com\/wp-content\/uploads\/2023\/11\/91.png\" alt=\"\" loading=\"lazy\" decoding=\"async\" \/><img class=\"wine-badge\" src=\"https:\/\/bodegaloscerrosdesanjuan.com\/wp-content\/uploads\/2023\/11\/90-1.png\" alt=\"\" loading=\"lazy\" decoding=\"async\" \/><\/div><\/div><img loading=\"lazy\" decoding=\"async\" width=\"450\" height=\"800\" src=\"https:\/\/bodegaloscerrosdesanjuan.com\/wp-content\/uploads\/2023\/08\/Cuna-de-piedra-Estate-Tannat-2023-450x800.jpg\" class=\"attachment-large size-large\" alt=\"\" srcset=\"https:\/\/bodegaloscerrosdesanjuan.com\/wp-content\/uploads\/2023\/08\/Cuna-de-piedra-Estate-Tannat-2023-450x800.jpg 450w, https:\/\/bodegaloscerrosdesanjuan.com\/wp-content\/uploads\/2023\/08\/Cuna-de-piedra-Estate-Tannat-2023-169x300.jpg 169w, https:\/\/bodegaloscerrosdesanjuan.com\/wp-content\/uploads\/2023\/08\/Cuna-de-piedra-Estate-Tannat-2023-7x12.jpg 7w, https:\/\/bodegaloscerrosdesanjuan.com\/wp-content\/uploads\/2023\/08\/Cuna-de-piedra-Estate-Tannat-2023-430x764.jpg 430w, https:\/\/bodegaloscerrosdesanjuan.com\/wp-content\/uploads\/2023\/08\/Cuna-de-piedra-Estate-Tannat-2023-150x267.jpg 150w, https:\/\/bodegaloscerrosdesanjuan.com\/wp-content\/uploads\/2023\/08\/Cuna-de-piedra-Estate-Tannat-2023.jpg 675w\" sizes=\"auto, (max-width: 450px) 100vw, 450px\" \/>\t\t<\/a>\n\n\t\t\t\t<div class=\"wd-buttons wd-pos-r-t\">\n\t\t\t\t\t\t\t\t\t\t\t<div class=\"quick-view wd-action-btn wd-style-icon wd-quick-view-icon\">\n\t\t\t<a\n\t\t\t\thref=\"https:\/\/bodegaloscerrosdesanjuan.com\/pt\/produto\/cuna-de-piedra-estate-tannat\/\"\n\t\t\t\tclass=\"open-quick-view quick-view-button\"\n\t\t\t\trel=\"nofollow\"\n\t\t\t\tdata-id=\"11669\"\n\t\t\t\t>Quick view<\/a>\n\t\t<\/div>\n\t\t\t\t\t\t\t<\/div>\n\n\t\t\t\t\t\t\t\t<\/div>\n\t\t\t<h3 class=\"wd-entities-title\"><a href=\"https:\/\/bodegaloscerrosdesanjuan.com\/pt\/produto\/cuna-de-piedra-estate-tannat\/\">Cuna de Piedra Estate Tannat<\/a><\/h3>\n\t\t\t<div class=\"wd-product-cats\">\n\t\t\t<a href=\"https:\/\/bodegaloscerrosdesanjuan.com\/pt\/categoria\/tintos\/\" rel=\"tag\">Tintos<\/a>\t\t<\/div>\n\t\t\t\t\n\n\t\n\t\n\t\t<\/div>\n<\/div>\n\t\t\t\t\t\t\t\t<div class=\"wd-product wd-hover-quick wd-col product-grid-item product type-product post-11661 status-publish last instock product_cat-tintos has-post-thumbnail shipping-taxable product-type-simple\" data-loop=\"3\" data-id=\"11661\">\n\t\n\t\n<div class=\"product-wrapper\">\n\t<div class=\"product-element-top wd-quick-shop\">\n\t\t<a href=\"https:\/\/bodegaloscerrosdesanjuan.com\/pt\/produto\/cuna-de-piedra-estate-cabernet-sauvignon\/\" class=\"product-image-link\" tabindex=\"-1\" aria-label=\"Cuna de Piedra Estate Cabernet Sauvignon\">\n\t\t\t<div class=\"wine-badges\"><div class=\"wine-badges-stack\"><img class=\"wine-badge\" src=\"https:\/\/bodegaloscerrosdesanjuan.com\/wp-content\/uploads\/2023\/12\/WhatsApp-Image-2025-09-15-at-14.36-1.png\" alt=\"\" loading=\"lazy\" decoding=\"async\" \/><img class=\"wine-badge\" src=\"https:\/\/bodegaloscerrosdesanjuan.com\/wp-content\/uploads\/2023\/11\/90-1.png\" alt=\"\" loading=\"lazy\" decoding=\"async\" \/><\/div><\/div><img loading=\"lazy\" decoding=\"async\" width=\"450\" height=\"800\" src=\"https:\/\/bodegaloscerrosdesanjuan.com\/wp-content\/uploads\/2023\/08\/Cuna-de-piedra-Estate-Cabernet-Sauvignon-2023-450x800.jpg\" class=\"attachment-large size-large\" alt=\"\" srcset=\"https:\/\/bodegaloscerrosdesanjuan.com\/wp-content\/uploads\/2023\/08\/Cuna-de-piedra-Estate-Cabernet-Sauvignon-2023-450x800.jpg 450w, https:\/\/bodegaloscerrosdesanjuan.com\/wp-content\/uploads\/2023\/08\/Cuna-de-piedra-Estate-Cabernet-Sauvignon-2023-169x300.jpg 169w, https:\/\/bodegaloscerrosdesanjuan.com\/wp-content\/uploads\/2023\/08\/Cuna-de-piedra-Estate-Cabernet-Sauvignon-2023-7x12.jpg 7w, https:\/\/bodegaloscerrosdesanjuan.com\/wp-content\/uploads\/2023\/08\/Cuna-de-piedra-Estate-Cabernet-Sauvignon-2023-430x764.jpg 430w, https:\/\/bodegaloscerrosdesanjuan.com\/wp-content\/uploads\/2023\/08\/Cuna-de-piedra-Estate-Cabernet-Sauvignon-2023-150x267.jpg 150w, https:\/\/bodegaloscerrosdesanjuan.com\/wp-content\/uploads\/2023\/08\/Cuna-de-piedra-Estate-Cabernet-Sauvignon-2023.jpg 675w\" sizes=\"auto, (max-width: 450px) 100vw, 450px\" \/>\t\t<\/a>\n\n\t\t\t\t<div class=\"wd-buttons wd-pos-r-t\">\n\t\t\t\t\t\t\t\t\t\t\t<div class=\"quick-view wd-action-btn wd-style-icon wd-quick-view-icon\">\n\t\t\t<a\n\t\t\t\thref=\"https:\/\/bodegaloscerrosdesanjuan.com\/pt\/produto\/cuna-de-piedra-estate-cabernet-sauvignon\/\"\n\t\t\t\tclass=\"open-quick-view quick-view-button\"\n\t\t\t\trel=\"nofollow\"\n\t\t\t\tdata-id=\"11661\"\n\t\t\t\t>Quick view<\/a>\n\t\t<\/div>\n\t\t\t\t\t\t\t<\/div>\n\n\t\t\t\t\t\t\t\t<\/div>\n\t\t\t<h3 class=\"wd-entities-title\"><a href=\"https:\/\/bodegaloscerrosdesanjuan.com\/pt\/produto\/cuna-de-piedra-estate-cabernet-sauvignon\/\">Cuna de Piedra Estate Cabernet Sauvignon<\/a><\/h3>\n\t\t\t<div class=\"wd-product-cats\">\n\t\t\t<a href=\"https:\/\/bodegaloscerrosdesanjuan.com\/pt\/categoria\/tintos\/\" rel=\"tag\">Tintos<\/a>\t\t<\/div>\n\t\t\t\t\n\n\t\n\t\n\t\t<\/div>\n<\/div>\n\t\t\t\t\t\t\t\t<div class=\"wd-product wd-hover-quick wd-col product-grid-item product type-product post-11239 status-publish first instock product_cat-tintos has-post-thumbnail shipping-taxable product-type-simple\" data-loop=\"4\" data-id=\"11239\">\n\t\n\t\n<div class=\"product-wrapper\">\n\t<div class=\"product-element-top wd-quick-shop\">\n\t\t<a href=\"https:\/\/bodegaloscerrosdesanjuan.com\/pt\/produto\/cuna-de-piedra-estate-cabernet-franc\/\" class=\"product-image-link\" tabindex=\"-1\" aria-label=\"Cuna de Piedra Estate Cabernet Franc\">\n\t\t\t<div class=\"wine-badges\"><div class=\"wine-badges-stack\"><img class=\"wine-badge\" src=\"https:\/\/bodegaloscerrosdesanjuan.com\/wp-content\/uploads\/2023\/11\/90.png\" alt=\"\" loading=\"lazy\" decoding=\"async\" \/><img class=\"wine-badge\" src=\"https:\/\/bodegaloscerrosdesanjuan.com\/wp-content\/uploads\/2023\/11\/91-1.png\" alt=\"\" loading=\"lazy\" decoding=\"async\" \/><\/div><\/div><img loading=\"lazy\" decoding=\"async\" width=\"450\" height=\"800\" src=\"https:\/\/bodegaloscerrosdesanjuan.com\/wp-content\/uploads\/2023\/04\/Cuna-de-piedra-estate-cabernet-franc-bodega-los-cerros-de-san-juan-2023-450x800.jpg\" class=\"attachment-large size-large\" alt=\"\" srcset=\"https:\/\/bodegaloscerrosdesanjuan.com\/wp-content\/uploads\/2023\/04\/Cuna-de-piedra-estate-cabernet-franc-bodega-los-cerros-de-san-juan-2023-450x800.jpg 450w, https:\/\/bodegaloscerrosdesanjuan.com\/wp-content\/uploads\/2023\/04\/Cuna-de-piedra-estate-cabernet-franc-bodega-los-cerros-de-san-juan-2023-169x300.jpg 169w, https:\/\/bodegaloscerrosdesanjuan.com\/wp-content\/uploads\/2023\/04\/Cuna-de-piedra-estate-cabernet-franc-bodega-los-cerros-de-san-juan-2023-7x12.jpg 7w, https:\/\/bodegaloscerrosdesanjuan.com\/wp-content\/uploads\/2023\/04\/Cuna-de-piedra-estate-cabernet-franc-bodega-los-cerros-de-san-juan-2023-430x764.jpg 430w, https:\/\/bodegaloscerrosdesanjuan.com\/wp-content\/uploads\/2023\/04\/Cuna-de-piedra-estate-cabernet-franc-bodega-los-cerros-de-san-juan-2023-150x267.jpg 150w, https:\/\/bodegaloscerrosdesanjuan.com\/wp-content\/uploads\/2023\/04\/Cuna-de-piedra-estate-cabernet-franc-bodega-los-cerros-de-san-juan-2023.jpg 675w\" sizes=\"auto, (max-width: 450px) 100vw, 450px\" \/>\t\t<\/a>\n\n\t\t\t\t<div class=\"wd-buttons wd-pos-r-t\">\n\t\t\t\t\t\t\t\t\t\t\t<div class=\"quick-view wd-action-btn wd-style-icon wd-quick-view-icon\">\n\t\t\t<a\n\t\t\t\thref=\"https:\/\/bodegaloscerrosdesanjuan.com\/pt\/produto\/cuna-de-piedra-estate-cabernet-franc\/\"\n\t\t\t\tclass=\"open-quick-view quick-view-button\"\n\t\t\t\trel=\"nofollow\"\n\t\t\t\tdata-id=\"11239\"\n\t\t\t\t>Quick view<\/a>\n\t\t<\/div>\n\t\t\t\t\t\t\t<\/div>\n\n\t\t\t\t\t\t\t\t<\/div>\n\t\t\t<h3 class=\"wd-entities-title\"><a href=\"https:\/\/bodegaloscerrosdesanjuan.com\/pt\/produto\/cuna-de-piedra-estate-cabernet-franc\/\">Cuna de Piedra Estate Cabernet Franc<\/a><\/h3>\n\t\t\t<div class=\"wd-product-cats\">\n\t\t\t<a href=\"https:\/\/bodegaloscerrosdesanjuan.com\/pt\/categoria\/tintos\/\" rel=\"tag\">Tintos<\/a>\t\t<\/div>\n\t\t\t\t\n\n\t\n\t\n\t\t<\/div>\n<\/div>\n\t\t\t\t\t\t\t\t<div class=\"wd-product wd-hover-quick wd-col product-grid-item product type-product post-11240 status-publish instock product_cat-blanco has-post-thumbnail shipping-taxable product-type-simple\" data-loop=\"5\" data-id=\"11240\">\n\t\n\t\n<div class=\"product-wrapper\">\n\t<div class=\"product-element-top wd-quick-shop\">\n\t\t<a href=\"https:\/\/bodegaloscerrosdesanjuan.com\/pt\/produto\/cuna-de-piedra-estate-sauvignon-blanc\/\" class=\"product-image-link\" tabindex=\"-1\" aria-label=\"Cuna de Piedra Estate Sauvignon Blanc\">\n\t\t\t<div class=\"wine-badges\"><div class=\"wine-badges-stack\"><img class=\"wine-badge\" src=\"https:\/\/bodegaloscerrosdesanjuan.com\/wp-content\/uploads\/2023\/11\/90.png\" alt=\"\" loading=\"lazy\" decoding=\"async\" \/><\/div><\/div><img loading=\"lazy\" decoding=\"async\" width=\"450\" height=\"800\" src=\"https:\/\/bodegaloscerrosdesanjuan.com\/wp-content\/uploads\/2023\/04\/Cuna-de-piedra-estate-sauvignon-blanc-bodega-los-cerros-de-san-juan-450x800.jpg\" class=\"attachment-large size-large\" alt=\"\" srcset=\"https:\/\/bodegaloscerrosdesanjuan.com\/wp-content\/uploads\/2023\/04\/Cuna-de-piedra-estate-sauvignon-blanc-bodega-los-cerros-de-san-juan-450x800.jpg 450w, https:\/\/bodegaloscerrosdesanjuan.com\/wp-content\/uploads\/2023\/04\/Cuna-de-piedra-estate-sauvignon-blanc-bodega-los-cerros-de-san-juan-169x300.jpg 169w, https:\/\/bodegaloscerrosdesanjuan.com\/wp-content\/uploads\/2023\/04\/Cuna-de-piedra-estate-sauvignon-blanc-bodega-los-cerros-de-san-juan-430x764.jpg 430w, https:\/\/bodegaloscerrosdesanjuan.com\/wp-content\/uploads\/2023\/04\/Cuna-de-piedra-estate-sauvignon-blanc-bodega-los-cerros-de-san-juan-150x267.jpg 150w, https:\/\/bodegaloscerrosdesanjuan.com\/wp-content\/uploads\/2023\/04\/Cuna-de-piedra-estate-sauvignon-blanc-bodega-los-cerros-de-san-juan.jpg 675w\" sizes=\"auto, (max-width: 450px) 100vw, 450px\" \/>\t\t<\/a>\n\n\t\t\t\t<div class=\"wd-buttons wd-pos-r-t\">\n\t\t\t\t\t\t\t\t\t\t\t<div class=\"quick-view wd-action-btn wd-style-icon wd-quick-view-icon\">\n\t\t\t<a\n\t\t\t\thref=\"https:\/\/bodegaloscerrosdesanjuan.com\/pt\/produto\/cuna-de-piedra-estate-sauvignon-blanc\/\"\n\t\t\t\tclass=\"open-quick-view quick-view-button\"\n\t\t\t\trel=\"nofollow\"\n\t\t\t\tdata-id=\"11240\"\n\t\t\t\t>Quick view<\/a>\n\t\t<\/div>\n\t\t\t\t\t\t\t<\/div>\n\n\t\t\t\t\t\t\t\t<\/div>\n\t\t\t<h3 class=\"wd-entities-title\"><a href=\"https:\/\/bodegaloscerrosdesanjuan.com\/pt\/produto\/cuna-de-piedra-estate-sauvignon-blanc\/\">Cuna de Piedra Estate Sauvignon Blanc<\/a><\/h3>\n\t\t\t<div class=\"wd-product-cats\">\n\t\t\t<a href=\"https:\/\/bodegaloscerrosdesanjuan.com\/pt\/categoria\/blanco\/\" rel=\"tag\">Blanco<\/a>\t\t<\/div>\n\t\t\t\t\n\n\t\n\t\n\t\t<\/div>\n<\/div>\n\t\t\t\t\t\t\t\t<div class=\"wd-product wd-hover-quick wd-col product-grid-item product type-product post-11241 status-publish instock product_cat-rosado has-post-thumbnail shipping-taxable product-type-simple\" data-loop=\"6\" data-id=\"11241\">\n\t\n\t\n<div class=\"product-wrapper\">\n\t<div class=\"product-element-top wd-quick-shop\">\n\t\t<a href=\"https:\/\/bodegaloscerrosdesanjuan.com\/pt\/produto\/cuna-de-piedra-estate-tannat-rose\/\" class=\"product-image-link\" tabindex=\"-1\" aria-label=\"Cuna de Piedra Estate Tannat Rose\">\n\t\t\t<img loading=\"lazy\" decoding=\"async\" width=\"450\" height=\"800\" src=\"https:\/\/bodegaloscerrosdesanjuan.com\/wp-content\/uploads\/2023\/04\/Cuna-de-piedra-estate-tannat-rose-bodega-los-cerros-de-san-juan-450x800.jpg\" class=\"attachment-large size-large\" alt=\"\" srcset=\"https:\/\/bodegaloscerrosdesanjuan.com\/wp-content\/uploads\/2023\/04\/Cuna-de-piedra-estate-tannat-rose-bodega-los-cerros-de-san-juan-450x800.jpg 450w, https:\/\/bodegaloscerrosdesanjuan.com\/wp-content\/uploads\/2023\/04\/Cuna-de-piedra-estate-tannat-rose-bodega-los-cerros-de-san-juan-169x300.jpg 169w, https:\/\/bodegaloscerrosdesanjuan.com\/wp-content\/uploads\/2023\/04\/Cuna-de-piedra-estate-tannat-rose-bodega-los-cerros-de-san-juan-430x764.jpg 430w, https:\/\/bodegaloscerrosdesanjuan.com\/wp-content\/uploads\/2023\/04\/Cuna-de-piedra-estate-tannat-rose-bodega-los-cerros-de-san-juan-150x267.jpg 150w, https:\/\/bodegaloscerrosdesanjuan.com\/wp-content\/uploads\/2023\/04\/Cuna-de-piedra-estate-tannat-rose-bodega-los-cerros-de-san-juan.jpg 675w\" sizes=\"auto, (max-width: 450px) 100vw, 450px\" \/>\t\t<\/a>\n\n\t\t\t\t<div class=\"wd-buttons wd-pos-r-t\">\n\t\t\t\t\t\t\t\t\t\t\t<div class=\"quick-view wd-action-btn wd-style-icon wd-quick-view-icon\">\n\t\t\t<a\n\t\t\t\thref=\"https:\/\/bodegaloscerrosdesanjuan.com\/pt\/produto\/cuna-de-piedra-estate-tannat-rose\/\"\n\t\t\t\tclass=\"open-quick-view quick-view-button\"\n\t\t\t\trel=\"nofollow\"\n\t\t\t\tdata-id=\"11241\"\n\t\t\t\t>Quick view<\/a>\n\t\t<\/div>\n\t\t\t\t\t\t\t<\/div>\n\n\t\t\t\t\t\t\t\t<\/div>\n\t\t\t<h3 class=\"wd-entities-title\"><a href=\"https:\/\/bodegaloscerrosdesanjuan.com\/pt\/produto\/cuna-de-piedra-estate-tannat-rose\/\">Cuna de Piedra Estate Tannat Rose<\/a><\/h3>\n\t\t\t<div class=\"wd-product-cats\">\n\t\t\t<a href=\"https:\/\/bodegaloscerrosdesanjuan.com\/pt\/categoria\/rosado\/\" rel=\"tag\">Rosado<\/a>\t\t<\/div>\n\t\t\t\t\n\n\t\n\t\n\t\t<\/div>\n<\/div>\n\t\t\t\t\t\t\t\t<div class=\"wd-product wd-hover-quick wd-col product-grid-item product type-product post-8912 status-publish last instock product_cat-tintos has-post-thumbnail shipping-taxable product-type-simple\" data-loop=\"7\" data-id=\"8912\">\n\t\n\t\n<div class=\"product-wrapper\">\n\t<div class=\"product-element-top wd-quick-shop\">\n\t\t<a href=\"https:\/\/bodegaloscerrosdesanjuan.com\/pt\/produto\/cuna-de-piedra-tannat\/\" class=\"product-image-link\" tabindex=\"-1\" aria-label=\"Cuna de Piedra Tannat\">\n\t\t\t<div class=\"wine-badges\"><div class=\"wine-badges-stack\"><img class=\"wine-badge\" src=\"https:\/\/bodegaloscerrosdesanjuan.com\/wp-content\/uploads\/2023\/11\/92.png\" alt=\"\" loading=\"lazy\" decoding=\"async\" \/><img class=\"wine-badge\" src=\"https:\/\/bodegaloscerrosdesanjuan.com\/wp-content\/uploads\/2023\/11\/90-1.png\" alt=\"\" loading=\"lazy\" decoding=\"async\" \/><\/div><\/div><img loading=\"lazy\" decoding=\"async\" width=\"450\" height=\"800\" src=\"https:\/\/bodegaloscerrosdesanjuan.com\/wp-content\/uploads\/2022\/07\/tanntacunade-piedra-450x800.jpg\" class=\"attachment-large size-large\" alt=\"\" srcset=\"https:\/\/bodegaloscerrosdesanjuan.com\/wp-content\/uploads\/2022\/07\/tanntacunade-piedra-450x800.jpg 450w, https:\/\/bodegaloscerrosdesanjuan.com\/wp-content\/uploads\/2022\/07\/tanntacunade-piedra-169x300.jpg 169w, https:\/\/bodegaloscerrosdesanjuan.com\/wp-content\/uploads\/2022\/07\/tanntacunade-piedra-7x12.jpg 7w, https:\/\/bodegaloscerrosdesanjuan.com\/wp-content\/uploads\/2022\/07\/tanntacunade-piedra-430x764.jpg 430w, https:\/\/bodegaloscerrosdesanjuan.com\/wp-content\/uploads\/2022\/07\/tanntacunade-piedra-150x267.jpg 150w, https:\/\/bodegaloscerrosdesanjuan.com\/wp-content\/uploads\/2022\/07\/tanntacunade-piedra.jpg 675w\" sizes=\"auto, (max-width: 450px) 100vw, 450px\" \/>\t\t<\/a>\n\n\t\t\t\t<div class=\"wd-buttons wd-pos-r-t\">\n\t\t\t\t\t\t\t\t\t\t\t<div class=\"quick-view wd-action-btn wd-style-icon wd-quick-view-icon\">\n\t\t\t<a\n\t\t\t\thref=\"https:\/\/bodegaloscerrosdesanjuan.com\/pt\/produto\/cuna-de-piedra-tannat\/\"\n\t\t\t\tclass=\"open-quick-view quick-view-button\"\n\t\t\t\trel=\"nofollow\"\n\t\t\t\tdata-id=\"8912\"\n\t\t\t\t>Quick view<\/a>\n\t\t<\/div>\n\t\t\t\t\t\t\t<\/div>\n\n\t\t\t\t\t\t\t\t<\/div>\n\t\t\t<h3 class=\"wd-entities-title\"><a href=\"https:\/\/bodegaloscerrosdesanjuan.com\/pt\/produto\/cuna-de-piedra-tannat\/\">Cuna de Piedra Tannat<\/a><\/h3>\n\t\t\t<div class=\"wd-product-cats\">\n\t\t\t<a href=\"https:\/\/bodegaloscerrosdesanjuan.com\/pt\/categoria\/tintos\/\" rel=\"tag\">Tintos<\/a>\t\t<\/div>\n\t\t\t\t\n\n\t\n\t\n\t\t<\/div>\n<\/div>\n\t\t\t\t\t\t\t\t<div class=\"wd-product wd-hover-quick wd-col product-grid-item product type-product post-372 status-publish first instock product_cat-tintos has-post-thumbnail shipping-taxable product-type-external\" data-loop=\"8\" data-id=\"372\">\n\t\n\t\n<div class=\"product-wrapper\">\n\t<div class=\"product-element-top wd-quick-shop\">\n\t\t<a href=\"https:\/\/bodegaloscerrosdesanjuan.com\/pt\/produto\/cuna-de-piedra-cabernet-sauvignon\/\" class=\"product-image-link\" tabindex=\"-1\" aria-label=\"Cuna de Piedra Cabernet Sauvignon\">\n\t\t\t<div class=\"wine-badges\"><div class=\"wine-badges-stack\"><img class=\"wine-badge\" src=\"https:\/\/bodegaloscerrosdesanjuan.com\/wp-content\/uploads\/2023\/11\/91.png\" alt=\"\" loading=\"lazy\" decoding=\"async\" \/><\/div><\/div><img loading=\"lazy\" decoding=\"async\" width=\"450\" height=\"800\" src=\"https:\/\/bodegaloscerrosdesanjuan.com\/wp-content\/uploads\/2021\/08\/Cuna-de-Piedra-Sauvignon-reserve-450x800.jpg\" class=\"attachment-large size-large\" alt=\"\" srcset=\"https:\/\/bodegaloscerrosdesanjuan.com\/wp-content\/uploads\/2021\/08\/Cuna-de-Piedra-Sauvignon-reserve-450x800.jpg 450w, https:\/\/bodegaloscerrosdesanjuan.com\/wp-content\/uploads\/2021\/08\/Cuna-de-Piedra-Sauvignon-reserve-169x300.jpg 169w, https:\/\/bodegaloscerrosdesanjuan.com\/wp-content\/uploads\/2021\/08\/Cuna-de-Piedra-Sauvignon-reserve-430x764.jpg 430w, https:\/\/bodegaloscerrosdesanjuan.com\/wp-content\/uploads\/2021\/08\/Cuna-de-Piedra-Sauvignon-reserve-150x267.jpg 150w, https:\/\/bodegaloscerrosdesanjuan.com\/wp-content\/uploads\/2021\/08\/Cuna-de-Piedra-Sauvignon-reserve.jpg 675w\" sizes=\"auto, (max-width: 450px) 100vw, 450px\" \/>\t\t<\/a>\n\n\t\t\t\t<div class=\"wd-buttons wd-pos-r-t\">\n\t\t\t\t\t\t\t\t\t\t\t<div class=\"quick-view wd-action-btn wd-style-icon wd-quick-view-icon\">\n\t\t\t<a\n\t\t\t\thref=\"https:\/\/bodegaloscerrosdesanjuan.com\/pt\/produto\/cuna-de-piedra-cabernet-sauvignon\/\"\n\t\t\t\tclass=\"open-quick-view quick-view-button\"\n\t\t\t\trel=\"nofollow\"\n\t\t\t\tdata-id=\"372\"\n\t\t\t\t>Quick view<\/a>\n\t\t<\/div>\n\t\t\t\t\t\t\t<\/div>\n\n\t\t\t\t\t\t\t\t<\/div>\n\t\t\t<h3 class=\"wd-entities-title\"><a href=\"https:\/\/bodegaloscerrosdesanjuan.com\/pt\/produto\/cuna-de-piedra-cabernet-sauvignon\/\">Cuna de Piedra Cabernet Sauvignon<\/a><\/h3>\n\t\t\t<div class=\"wd-product-cats\">\n\t\t\t<a href=\"https:\/\/bodegaloscerrosdesanjuan.com\/pt\/categoria\/tintos\/\" rel=\"tag\">Tintos<\/a>\t\t<\/div>\n\t\t\t\t\n\n\t\n\t\n\t\t<\/div>\n<\/div>\n\t\t\t\t\t\t\t\t<div class=\"wd-product wd-hover-quick wd-col product-grid-item product type-product post-8916 status-publish instock product_cat-tintos has-post-thumbnail shipping-taxable product-type-simple\" data-loop=\"9\" data-id=\"8916\">\n\t\n\t\n<div class=\"product-wrapper\">\n\t<div class=\"product-element-top wd-quick-shop\">\n\t\t<a href=\"https:\/\/bodegaloscerrosdesanjuan.com\/pt\/produto\/cuna-de-piedra-tempranillo\/\" class=\"product-image-link\" tabindex=\"-1\" aria-label=\"Cuna de Piedra Tempranillo\">\n\t\t\t<img loading=\"lazy\" decoding=\"async\" width=\"450\" height=\"800\" src=\"https:\/\/bodegaloscerrosdesanjuan.com\/wp-content\/uploads\/2022\/07\/Cuna-de-Piedra-tempranillo.reserve-450x800.jpg\" class=\"attachment-large size-large\" alt=\"\" srcset=\"https:\/\/bodegaloscerrosdesanjuan.com\/wp-content\/uploads\/2022\/07\/Cuna-de-Piedra-tempranillo.reserve-450x800.jpg 450w, https:\/\/bodegaloscerrosdesanjuan.com\/wp-content\/uploads\/2022\/07\/Cuna-de-Piedra-tempranillo.reserve-169x300.jpg 169w, https:\/\/bodegaloscerrosdesanjuan.com\/wp-content\/uploads\/2022\/07\/Cuna-de-Piedra-tempranillo.reserve-430x764.jpg 430w, https:\/\/bodegaloscerrosdesanjuan.com\/wp-content\/uploads\/2022\/07\/Cuna-de-Piedra-tempranillo.reserve-150x267.jpg 150w, https:\/\/bodegaloscerrosdesanjuan.com\/wp-content\/uploads\/2022\/07\/Cuna-de-Piedra-tempranillo.reserve.jpg 675w\" sizes=\"auto, (max-width: 450px) 100vw, 450px\" \/>\t\t<\/a>\n\n\t\t\t\t<div class=\"wd-buttons wd-pos-r-t\">\n\t\t\t\t\t\t\t\t\t\t\t<div class=\"quick-view wd-action-btn wd-style-icon wd-quick-view-icon\">\n\t\t\t<a\n\t\t\t\thref=\"https:\/\/bodegaloscerrosdesanjuan.com\/pt\/produto\/cuna-de-piedra-tempranillo\/\"\n\t\t\t\tclass=\"open-quick-view quick-view-button\"\n\t\t\t\trel=\"nofollow\"\n\t\t\t\tdata-id=\"8916\"\n\t\t\t\t>Quick view<\/a>\n\t\t<\/div>\n\t\t\t\t\t\t\t<\/div>\n\n\t\t\t\t\t\t\t\t<\/div>\n\t\t\t<h3 class=\"wd-entities-title\"><a href=\"https:\/\/bodegaloscerrosdesanjuan.com\/pt\/produto\/cuna-de-piedra-tempranillo\/\">Cuna de Piedra Tempranillo<\/a><\/h3>\n\t\t\t<div class=\"wd-product-cats\">\n\t\t\t<a href=\"https:\/\/bodegaloscerrosdesanjuan.com\/pt\/categoria\/tintos\/\" rel=\"tag\">Tintos<\/a>\t\t<\/div>\n\t\t\t\t\n\n\t\n\t\n\t\t<\/div>\n<\/div>\n\t\t\t\t\t\t\t\t<div class=\"wd-product wd-hover-quick wd-col product-grid-item product type-product post-411 status-publish instock product_cat-blanco has-post-thumbnail shipping-taxable product-type-simple\" data-loop=\"10\" data-id=\"411\">\n\t\n\t\n<div class=\"product-wrapper\">\n\t<div class=\"product-element-top wd-quick-shop\">\n\t\t<a href=\"https:\/\/bodegaloscerrosdesanjuan.com\/pt\/produto\/cuna-de-piedra-chardonnay\/\" class=\"product-image-link\" tabindex=\"-1\" aria-label=\"Cuna de Piedra Chardonnay\">\n\t\t\t<div class=\"wine-badges\"><div class=\"wine-badges-stack\"><img class=\"wine-badge\" src=\"https:\/\/bodegaloscerrosdesanjuan.com\/wp-content\/uploads\/2023\/11\/91.png\" alt=\"\" loading=\"lazy\" decoding=\"async\" \/><img class=\"wine-badge\" src=\"https:\/\/bodegaloscerrosdesanjuan.com\/wp-content\/uploads\/2023\/11\/90-1.png\" alt=\"\" loading=\"lazy\" decoding=\"async\" \/><\/div><\/div><img loading=\"lazy\" decoding=\"async\" width=\"450\" height=\"800\" src=\"https:\/\/bodegaloscerrosdesanjuan.com\/wp-content\/uploads\/2021\/08\/Cuna-de-Piedra-Sauvignon-Blanc-2023-450x800.jpg\" class=\"attachment-large size-large\" alt=\"\" srcset=\"https:\/\/bodegaloscerrosdesanjuan.com\/wp-content\/uploads\/2021\/08\/Cuna-de-Piedra-Sauvignon-Blanc-2023-450x800.jpg 450w, https:\/\/bodegaloscerrosdesanjuan.com\/wp-content\/uploads\/2021\/08\/Cuna-de-Piedra-Sauvignon-Blanc-2023-169x300.jpg 169w, https:\/\/bodegaloscerrosdesanjuan.com\/wp-content\/uploads\/2021\/08\/Cuna-de-Piedra-Sauvignon-Blanc-2023-7x12.jpg 7w, https:\/\/bodegaloscerrosdesanjuan.com\/wp-content\/uploads\/2021\/08\/Cuna-de-Piedra-Sauvignon-Blanc-2023-430x764.jpg 430w, https:\/\/bodegaloscerrosdesanjuan.com\/wp-content\/uploads\/2021\/08\/Cuna-de-Piedra-Sauvignon-Blanc-2023-150x267.jpg 150w, https:\/\/bodegaloscerrosdesanjuan.com\/wp-content\/uploads\/2021\/08\/Cuna-de-Piedra-Sauvignon-Blanc-2023.jpg 675w\" sizes=\"auto, (max-width: 450px) 100vw, 450px\" \/>\t\t<\/a>\n\n\t\t\t\t<div class=\"wd-buttons wd-pos-r-t\">\n\t\t\t\t\t\t\t\t\t\t\t<div class=\"quick-view wd-action-btn wd-style-icon wd-quick-view-icon\">\n\t\t\t<a\n\t\t\t\thref=\"https:\/\/bodegaloscerrosdesanjuan.com\/pt\/produto\/cuna-de-piedra-chardonnay\/\"\n\t\t\t\tclass=\"open-quick-view quick-view-button\"\n\t\t\t\trel=\"nofollow\"\n\t\t\t\tdata-id=\"411\"\n\t\t\t\t>Quick view<\/a>\n\t\t<\/div>\n\t\t\t\t\t\t\t<\/div>\n\n\t\t\t\t\t\t\t\t<\/div>\n\t\t\t<h3 class=\"wd-entities-title\"><a href=\"https:\/\/bodegaloscerrosdesanjuan.com\/pt\/produto\/cuna-de-piedra-chardonnay\/\">Cuna de Piedra Chardonnay<\/a><\/h3>\n\t\t\t<div class=\"wd-product-cats\">\n\t\t\t<a href=\"https:\/\/bodegaloscerrosdesanjuan.com\/pt\/categoria\/blanco\/\" rel=\"tag\">Blanco<\/a>\t\t<\/div>\n\t\t\t\t\n\n\t\n\t\n\t\t<\/div>\n<\/div>\n\t\t\t\t\t\t\t\t<div class=\"wd-product wd-hover-quick wd-col product-grid-item product type-product post-11724 status-publish last instock product_cat-blanco has-post-thumbnail shipping-taxable product-type-simple\" data-loop=\"11\" data-id=\"11724\">\n\t\n\t\n<div class=\"product-wrapper\">\n\t<div class=\"product-element-top wd-quick-shop\">\n\t\t<a href=\"https:\/\/bodegaloscerrosdesanjuan.com\/pt\/produto\/lahusen-albarino\/\" class=\"product-image-link\" tabindex=\"-1\" aria-label=\"Lahusen Albari\u00f1o\">\n\t\t\t<div class=\"wine-badges\"><div class=\"wine-badges-stack\"><img class=\"wine-badge\" src=\"https:\/\/bodegaloscerrosdesanjuan.com\/wp-content\/uploads\/2023\/11\/94.png\" alt=\"\" loading=\"lazy\" decoding=\"async\" \/><img class=\"wine-badge\" src=\"https:\/\/bodegaloscerrosdesanjuan.com\/wp-content\/uploads\/2023\/11\/90-1.png\" alt=\"\" loading=\"lazy\" decoding=\"async\" \/><\/div><\/div><img loading=\"lazy\" decoding=\"async\" width=\"450\" height=\"800\" src=\"https:\/\/bodegaloscerrosdesanjuan.com\/wp-content\/uploads\/2023\/08\/albarinno2024-450x800.jpg\" class=\"attachment-large size-large\" alt=\"\" srcset=\"https:\/\/bodegaloscerrosdesanjuan.com\/wp-content\/uploads\/2023\/08\/albarinno2024-450x800.jpg 450w, https:\/\/bodegaloscerrosdesanjuan.com\/wp-content\/uploads\/2023\/08\/albarinno2024-169x300.jpg 169w, https:\/\/bodegaloscerrosdesanjuan.com\/wp-content\/uploads\/2023\/08\/albarinno2024-7x12.jpg 7w, https:\/\/bodegaloscerrosdesanjuan.com\/wp-content\/uploads\/2023\/08\/albarinno2024-430x764.jpg 430w, https:\/\/bodegaloscerrosdesanjuan.com\/wp-content\/uploads\/2023\/08\/albarinno2024-150x267.jpg 150w, https:\/\/bodegaloscerrosdesanjuan.com\/wp-content\/uploads\/2023\/08\/albarinno2024.jpg 675w\" sizes=\"auto, (max-width: 450px) 100vw, 450px\" \/>\t\t<\/a>\n\n\t\t\t\t<div class=\"wd-buttons wd-pos-r-t\">\n\t\t\t\t\t\t\t\t\t\t\t<div class=\"quick-view wd-action-btn wd-style-icon wd-quick-view-icon\">\n\t\t\t<a\n\t\t\t\thref=\"https:\/\/bodegaloscerrosdesanjuan.com\/pt\/produto\/lahusen-albarino\/\"\n\t\t\t\tclass=\"open-quick-view quick-view-button\"\n\t\t\t\trel=\"nofollow\"\n\t\t\t\tdata-id=\"11724\"\n\t\t\t\t>Quick view<\/a>\n\t\t<\/div>\n\t\t\t\t\t\t\t<\/div>\n\n\t\t\t\t\t\t\t\t<\/div>\n\t\t\t<h3 class=\"wd-entities-title\"><a href=\"https:\/\/bodegaloscerrosdesanjuan.com\/pt\/produto\/lahusen-albarino\/\">Lahusen Albari\u00f1o<\/a><\/h3>\n\t\t\t<div class=\"wd-product-cats\">\n\t\t\t<a href=\"https:\/\/bodegaloscerrosdesanjuan.com\/pt\/categoria\/blanco\/\" rel=\"tag\">Blanco<\/a>\t\t<\/div>\n\t\t\t\t\n\n\t\n\t\n\t\t<\/div>\n<\/div>\n\t\t\t\t\t\t\t\t<div class=\"wd-product wd-hover-quick wd-col product-grid-item product type-product post-270 status-publish first instock product_cat-blanco has-post-thumbnail shipping-taxable product-type-simple\" data-loop=\"12\" data-id=\"270\">\n\t\n\t\n<div class=\"product-wrapper\">\n\t<div class=\"product-element-top wd-quick-shop\">\n\t\t<a href=\"https:\/\/bodegaloscerrosdesanjuan.com\/pt\/produto\/lahusen-gewurztraminer\/\" class=\"product-image-link\" tabindex=\"-1\" aria-label=\"Lahusen Gew\u00fcrztraminer\">\n\t\t\t<div class=\"wine-badges\"><div class=\"wine-badges-stack\"><img class=\"wine-badge\" src=\"https:\/\/bodegaloscerrosdesanjuan.com\/wp-content\/uploads\/2023\/11\/90.png\" alt=\"\" loading=\"lazy\" decoding=\"async\" \/><img class=\"wine-badge\" src=\"https:\/\/bodegaloscerrosdesanjuan.com\/wp-content\/uploads\/2023\/11\/90-1.png\" alt=\"\" loading=\"lazy\" decoding=\"async\" \/><\/div><\/div><img loading=\"lazy\" decoding=\"async\" width=\"450\" height=\"800\" src=\"https:\/\/bodegaloscerrosdesanjuan.com\/wp-content\/uploads\/2023\/11\/lahusen-gehurtezen-450x800.jpg\" class=\"attachment-large size-large\" alt=\"\" srcset=\"https:\/\/bodegaloscerrosdesanjuan.com\/wp-content\/uploads\/2023\/11\/lahusen-gehurtezen-450x800.jpg 450w, https:\/\/bodegaloscerrosdesanjuan.com\/wp-content\/uploads\/2023\/11\/lahusen-gehurtezen-169x300.jpg 169w, https:\/\/bodegaloscerrosdesanjuan.com\/wp-content\/uploads\/2023\/11\/lahusen-gehurtezen-7x12.jpg 7w, https:\/\/bodegaloscerrosdesanjuan.com\/wp-content\/uploads\/2023\/11\/lahusen-gehurtezen-430x764.jpg 430w, https:\/\/bodegaloscerrosdesanjuan.com\/wp-content\/uploads\/2023\/11\/lahusen-gehurtezen-150x267.jpg 150w, https:\/\/bodegaloscerrosdesanjuan.com\/wp-content\/uploads\/2023\/11\/lahusen-gehurtezen.jpg 675w\" sizes=\"auto, (max-width: 450px) 100vw, 450px\" \/>\t\t<\/a>\n\n\t\t\t\t<div class=\"wd-buttons wd-pos-r-t\">\n\t\t\t\t\t\t\t\t\t\t\t<div class=\"quick-view wd-action-btn wd-style-icon wd-quick-view-icon\">\n\t\t\t<a\n\t\t\t\thref=\"https:\/\/bodegaloscerrosdesanjuan.com\/pt\/produto\/lahusen-gewurztraminer\/\"\n\t\t\t\tclass=\"open-quick-view quick-view-button\"\n\t\t\t\trel=\"nofollow\"\n\t\t\t\tdata-id=\"270\"\n\t\t\t\t>Quick view<\/a>\n\t\t<\/div>\n\t\t\t\t\t\t\t<\/div>\n\n\t\t\t\t\t\t\t\t<\/div>\n\t\t\t<h3 class=\"wd-entities-title\"><a href=\"https:\/\/bodegaloscerrosdesanjuan.com\/pt\/produto\/lahusen-gewurztraminer\/\">Lahusen Gew\u00fcrztraminer<\/a><\/h3>\n\t\t\t<div class=\"wd-product-cats\">\n\t\t\t<a href=\"https:\/\/bodegaloscerrosdesanjuan.com\/pt\/categoria\/blanco\/\" rel=\"tag\">Blanco<\/a>\t\t<\/div>\n\t\t\t\t\n\n\t\n\t\n\t\t<\/div>\n<\/div>\n\t\t\n\t\t\t\t<\/div>\n\t\n\t\t\n\t\t\n\t\t\t\t\t<\/div>\n\t\t\n\t\t\t\t\t\t<\/div>\n\t\t\t\t<\/div>\n\t\t\t\t\t<\/div>\n\t\t\t\t<\/div>\n\t\t\t\t<\/div>\n\t\t","protected":false},"excerpt":{"rendered":"<p>Vista R\u00e1pida Cuna de Piedra Estate Marselan Tintos Vista R\u00e1pida Cuna de Piedra Estate Tannat Tintos Vista R\u00e1pida Cuna de<\/p>","protected":false},"author":21,"featured_media":0,"parent":0,"menu_order":0,"comment_status":"closed","ping_status":"closed","template":"elementor_theme","meta":{"footnotes":""},"class_list":["post-12029","page","type-page","status-publish","hentry"],"_links":{"self":[{"href":"https:\/\/bodegaloscerrosdesanjuan.com\/pt\/wp-json\/wp\/v2\/pages\/12029","targetHints":{"allow":["GET"]}}],"collection":[{"href":"https:\/\/bodegaloscerrosdesanjuan.com\/pt\/wp-json\/wp\/v2\/pages"}],"about":[{"href":"https:\/\/bodegaloscerrosdesanjuan.com\/pt\/wp-json\/wp\/v2\/types\/page"}],"author":[{"embeddable":true,"href":"https:\/\/bodegaloscerrosdesanjuan.com\/pt\/wp-json\/wp\/v2\/users\/21"}],"replies":[{"embeddable":true,"href":"https:\/\/bodegaloscerrosdesanjuan.com\/pt\/wp-json\/wp\/v2\/comments?post=12029"}],"version-history":[{"count":10,"href":"https:\/\/bodegaloscerrosdesanjuan.com\/pt\/wp-json\/wp\/v2\/pages\/12029\/revisions"}],"predecessor-version":[{"id":12049,"href":"https:\/\/bodegaloscerrosdesanjuan.com\/pt\/wp-json\/wp\/v2\/pages\/12029\/revisions\/12049"}],"wp:attachment":[{"href":"https:\/\/bodegaloscerrosdesanjuan.com\/pt\/wp-json\/wp\/v2\/media?parent=12029"}],"curies":[{"name":"wp","href":"https:\/\/api.w.org\/{rel}","templated":true}]}}